{"id":4968,"date":"2024-05-06T09:07:01","date_gmt":"2024-05-06T07:07:01","guid":{"rendered":"https:\/\/cinematographerawards.hu\/?page_id=4968"},"modified":"2026-01-13T14:02:53","modified_gmt":"2026-01-13T13:02:53","slug":"nyerteseink","status":"publish","type":"page","link":"https:\/\/cinematographerawards.hu\/en\/nyerteseink\/","title":{"rendered":"Nyerteseink"},"content":{"rendered":"<div class=\"wpb-content-wrapper\"><div class=\"vc_row wpb_row vc_row-fluid vc_custom_1533626661634\"><div class=\"wpb_column vc_column_container vc_col-sm-12\"><div class=\"vc_column-inner\"><div class=\"wpb_wrapper\"><div class=\"vc_row wpb_row vc_inner vc_row-fluid\"><div class=\"wpb_column vc_column_container vc_col-sm-6\"><div class=\"vc_column-inner\"><div class=\"wpb_wrapper\">            \n            <div class=\"\">\n                \n<div class=\"icon-box-shortcode-wrap style_3\">\n    <div class=\"icon-box-container\">\n        <div class=\"icon-top\">\n            <div class=\"icon-wrap\">\n                <img decoding=\"async\" src=\"https:\/\/cinematographerawards.hu\/wp-content\/uploads\/2018\/07\/icon-creative-direct.png\" alt=\"D\u00e1tum: 2024.11.08. \u2013 PESTI VIGAD\u00d3\">\n            <\/div>\n            <div class=\"icon-title\">\n                                <h5>D\u00e1tum: 2024.11.08. \u2013 PESTI VIGAD\u00d3<\/h5>\n                            <\/div>\n        <\/div>\n        <div class=\"icon-content\">\n            <p class=\"icon-description\"><\/p>\n        <\/div>\n    <\/div>\n<\/div>            <\/div>\n            \n        \n\t<div class=\"wpb_text_column wpb_content_element\" >\n\t\t<div class=\"wpb_wrapper\">\n\t\t\t<div>Di\u00e1kfilm kateg\u00f3ria gy\u0151ztese &#8211; <b>Zsoldos Bal\u00e1zs &#8211;<\/b> Hospice<\/div>\n<div><span class=\"gmail-Apple-converted-space\">J\u00e1t\u00e9kfilm kateg\u00f3ria gy\u0151ztese &#8211; <b>T\u00f3th Gergely &#8211;<\/b> Besz\u00e9l\u0151 tr\u00f3fe\u00e1k\u00a0<\/span><\/div>\n<div><span class=\"gmail-Apple-converted-space\">TV kateg\u00f3ria gy\u0151ztese &#8211;\u00a0<b>T\u00f3th Zsolt <\/b>&#8211; \u00d6r\u00f6k h\u0171s\u00e9g\u00a0<\/span><\/div>\n<div>Kisj\u00e1t\u00e9kfilm kateg\u00f3ria gy\u0151ztese &#8211;<b> Kis M\u00e1rton <\/b>&#8211; The Swimmer<\/div>\n<div>Dokumentumfilm kateg\u00f3ria gy\u0151ztese &#8211; <b>Ezequiel Salinas <\/b>&#8211; Budapest Silo<\/div>\n<div>Ill\u00e9s Gy\u00f6rgy D\u00edjat az \u00e9v legjobb operat\u0151r\u00e9nek, <b>Nagy Andr\u00e1s-<\/b>nak \u00edt\u00e9lt a zs\u0171ri.<\/div>\n<div>A HSC St\u00e1biskola Eml\u00e9kgy\u0171r\u0171ket els\u0151 alkalommal <b>Gottmann Istv\u00e1n, Osv\u00e1th G\u00e1bor, P\u00e1lffy Gergely, Pint\u00e9r Bence, \u00dcveges Zolt\u00e1n <\/b>adt\u00e1k \u00e1t.<\/div>\n<div>Kov\u00e1cs L\u00e1szl\u00f3-Zsigmond Vilmos \u00c9letm\u0171d\u00edjjal tisztelegtek\u00a0<b>Baranyai L\u00e1szl\u00f3, Kurucz S\u00e1ndor <\/b>\u00e9s <b>Lakatos Iv\u00e1n <\/b>munk\u00e1ss\u00e1gai el\u0151tt.<\/div>\n<div>Bojkovszky B\u00e9la D\u00edjjal pedig <b>Marafk\u00f3 B\u00e1lint <\/b>\u00e9s <b>Paluch Kriszti\u00e1n<\/b> f\u0151vil\u00e1gos\u00edt\u00f3k p\u00e1lyafut\u00e1s\u00e1t m\u00e9ltatt\u00e1k.<\/div>\n\n\t\t<\/div>\n\t<\/div>\n<\/div><\/div><\/div><\/div><\/div><\/div><\/div><\/div><div class=\"vc_row wpb_row vc_row-fluid vc_custom_1533626661634\"><div class=\"wpb_column vc_column_container vc_col-sm-12\"><div class=\"vc_column-inner\"><div class=\"wpb_wrapper\"><div class=\"vc_row wpb_row vc_inner vc_row-fluid\"><div class=\"wpb_column vc_column_container vc_col-sm-6\"><div class=\"vc_column-inner\"><div class=\"wpb_wrapper\">            \n            <div class=\"\">\n                \n<div class=\"icon-box-shortcode-wrap style_3\">\n    <div class=\"icon-box-container\">\n        <div class=\"icon-top\">\n            <div class=\"icon-wrap\">\n                <img decoding=\"async\" src=\"https:\/\/cinematographerawards.hu\/wp-content\/uploads\/2018\/07\/icon-creative-direct.png\" alt=\"2023. \u00e1prilis 21. \u2013 Pesti Vigad\u00f3\">\n            <\/div>\n            <div class=\"icon-title\">\n                                <h5>2023. \u00e1prilis 21. \u2013 Pesti Vigad\u00f3<\/h5>\n                            <\/div>\n        <\/div>\n        <div class=\"icon-content\">\n            <p class=\"icon-description\"><\/p>\n        <\/div>\n    <\/div>\n<\/div>            <\/div>\n            \n        \n\t<div class=\"wpb_text_column wpb_content_element\" >\n\t\t<div class=\"wpb_wrapper\">\n\t\t\t<p>Di\u00e1k kateg\u00f3ria &#8211; <b>F\u00fczesi Tam\u00e1s<\/b> &#8211; Sose lesz v\u00e9ge\u00a0\u00e9s a\u00a0Med\u00faza szab\u00e1ly<\/p>\n<p>J\u00e1t\u00e9kfilm kateg\u00f3ria &#8211; <b>Nagy Andr\u00e1s<\/b> &#8211; A j\u00e1tszma<\/p>\n<p>TV film kateg\u00f3ria &#8211; <b>Bal\u00e1zs Istv\u00e1n Bal\u00e1zs<\/b> &#8211; Ida reg\u00e9nye<\/p>\n<p>Kisj\u00e1t\u00e9kfim kateg\u00f3ria &#8211; <b>Vir\u00e1g P\u00e9ter<\/b> &#8211; Carav\u00e1n<\/p>\n<p>Dokumentumfilm kateg\u00f3ria &#8211; <b>Pataki \u00c1d\u00e1m<\/b> &#8211; Fulmer Honey Expedition, <strong>Vargyasi Levente<\/strong> &#8211; Tehenesek<\/p>\n<p>Term\u00e9szetfilm kateg\u00f3ria &#8211; <b>Szend\u0151fi Bal\u00e1zs<\/b> &#8211; Volt egyszer egy vadv\u00edzorsz\u00e1g<\/p>\n<p>Portr\u00e9film kateg\u00f3ria &#8211; <b>Hollai Iv\u00e1n<\/b> &#8211; a Lesz\u00e1rmazottak: L\u00e9ner P\u00e9ter \u2013 gyermek voltam a v\u00e9szkorszakban<\/p>\n<p>Prom\u00f3ci\u00f3s video kateg\u00f3ria &#8211; <b>H\u00e1mory Csaba<\/b> &#8211; Az oszt\u00e1lyt\u00e1rs<\/p>\n<p>Rekl\u00e1mfilm kateg\u00f3ria &#8211; <b>Pataki \u00c1d\u00e1m<\/b> &#8211; Fulmer Amirkaal Honey<\/p>\n<p>Zen\u00e9s klip kateg\u00f3ria &#8211; <b>So\u00f3s G\u00e9za<\/b> &#8211; T\u00e1volr\u00f3l Domb\u00a0c\u00edm\u0171 OHNODY-dalhoz<\/p>\n<p>Ismeretterjeszt\u0151 film kateg\u00f3ria &#8211; <b>Zsigmond Attila<\/b> &#8211; Ecsetvon\u00e1sok sz\u00e9kelyesen<\/p>\n<p>Kov\u00e1cs L\u00e1szl\u00f3-Zsigmond Vilmos \u00c9letm\u0171d\u00edjjal tisztelegtek a szervez\u0151k:<\/p>\n<p><b>Balog G\u00e1bor, Buglya S\u00e1ndo<\/b>r \u00e9s <b>Lugossy Istv\u00e1n<\/b> munk\u00e1ss\u00e1gai el\u0151tt.<\/p>\n<p><span class=\"Apple-converted-space\">\u00a0<\/span><\/p>\n<p><b>B\u00fcti Zsolt<\/b> f\u0151vil\u00e1gos\u00edt\u00f3t pedig Bojkovszky B\u00e9la-d\u00edjban r\u00e9szes\u00edtett\u00e9k. Az ut\u00f3bbi d\u00edj egyben a 20. sz\u00e1zadi magyar filmgy\u00e1rt\u00e1s kiemelked\u0151 f\u00e9nymester\u00e9nek \u00e1ll\u00edt eml\u00e9ket, hiszen Bojkovszky B\u00e9la nev\u00e9hez t\u00f6bb, mint sz\u00e1z film k\u00f6t\u0151dik, emellett pedig t\u00f6bb gener\u00e1ci\u00f3n \u00e1t oktatta a magyar filmeseket.<\/p>\n\n\t\t<\/div>\n\t<\/div>\n<\/div><\/div><\/div><div class=\"wpb_column vc_column_container vc_col-sm-6\"><div class=\"vc_column-inner\"><div class=\"wpb_wrapper\">            \n            <div class=\"wpb_animate_when_almost_visible haru-css-animation wpb_fadeIn\">\n                \n<div class=\"icon-box-shortcode-wrap style_3\">\n    <div class=\"icon-box-container\">\n        <div class=\"icon-top\">\n            <div class=\"icon-wrap\">\n                <img decoding=\"async\" src=\"https:\/\/cinematographerawards.hu\/wp-content\/uploads\/2018\/07\/icon-creative-direct.png\" alt=\"2022. \u00e1prilis 29. \u2013 Pesti Vigad\u00f3\">\n            <\/div>\n            <div class=\"icon-title\">\n                                <h5>2022. \u00e1prilis 29. \u2013 Pesti Vigad\u00f3<\/h5>\n                            <\/div>\n        <\/div>\n        <div class=\"icon-content\">\n            <p class=\"icon-description\"><\/p>\n        <\/div>\n    <\/div>\n<\/div>            <\/div>\n            \n        \n\t<div class=\"wpb_text_column wpb_content_element\" >\n\t\t<div class=\"wpb_wrapper\">\n\t\t\t<p>Di\u00e1k kateg\u00f3ria &#8211; <b>H\u00e1mory Csaba<\/b> &#8211; Cs\u00f3r\u00e9<\/p>\n<p>T\u00e9v\u00e9film kateg\u00f3ria &#8211; <b>Bal\u00e1zs Istv\u00e1n Bal\u00e1zs<\/b> &#8211; Pacsirta<span class=\"Apple-converted-space\">\u00a0 <\/span><\/p>\n<p>Kisj\u00e1t\u00e9kfilm kateg\u00f3ria &#8211; <b>Juh\u00e1sz Viktor &#8211;<\/b> Magunk maradtunk<\/p>\n<p>J\u00e1t\u00e9kfilm kateg\u00f3ria &#8211; <b>Pataki \u00c1d\u00e1m<\/b> &#8211; Nagy kar\u00e1csony<\/p>\n<p>Dokumentumfilm kateg\u00f3ria &#8211; <b>Szalai M\u00e1r<\/b>k &#8211; A koronatan\u00fa<\/p>\n<p>Term\u00e9szetfilm kateg\u00f3ria &#8211; <b>Feh\u00e9r Zolt\u00e1n<\/b> &#8211; M\u00falt \u00e9s jelen: Vizeink az ember kez\u00e9ben<\/p>\n<p>Kov\u00e1cs L\u00e1szl\u00f3-Zsigmond Vilmos \u00c9letm\u0171d\u00edjjal tisztelegtek a szervez\u0151k:<\/p>\n<p><b>Szabados Tam\u00e1s, Gurb\u00e1n Mikl\u00f3s<\/b> munk\u00e1ss\u00e1gai el\u0151tt.<\/p>\n<p><b>Simon J\u00f3zsef<\/b> f\u0151vil\u00e1gos\u00edt\u00f3t pedig Bojkovszky B\u00e9la-d\u00edjban r\u00e9szes\u00edtett\u00e9k.<\/p>\n<p>HSC gy\u0171r\u0171: <b>Marafk\u00f3 B\u00e1lint, Schwindl Endre<\/b><\/p>\n<p>Szakmai nagyd\u00edj: <b>ARRI RENTAL Magyarorsz\u00e1g<\/b><\/p>\n\n\t\t<\/div>\n\t<\/div>\n<\/div><\/div><\/div><\/div><\/div><\/div><\/div><\/div><div class=\"vc_row wpb_row vc_row-fluid vc_custom_1533626661634\"><div class=\"wpb_column vc_column_container vc_col-sm-12\"><div class=\"vc_column-inner\"><div class=\"wpb_wrapper\"><div class=\"vc_row wpb_row vc_inner vc_row-fluid\"><div class=\"wpb_column vc_column_container vc_col-sm-6\"><div class=\"vc_column-inner\"><div class=\"wpb_wrapper\">            \n            <div class=\"\">\n                \n<div class=\"icon-box-shortcode-wrap style_3\">\n    <div class=\"icon-box-container\">\n        <div class=\"icon-top\">\n            <div class=\"icon-wrap\">\n                <img decoding=\"async\" src=\"https:\/\/cinematographerawards.hu\/wp-content\/uploads\/2018\/07\/icon-creative-direct.png\" alt=\"2021. \u00e1prilis 17. \u2013 Pesti Vigad\u00f3 (online a koronav\u00edrus miatt)\">\n            <\/div>\n            <div class=\"icon-title\">\n                                <h5>2021. \u00e1prilis 17. \u2013 Pesti Vigad\u00f3 (online a koronav\u00edrus miatt)<\/h5>\n                            <\/div>\n        <\/div>\n        <div class=\"icon-content\">\n            <p class=\"icon-description\"><\/p>\n        <\/div>\n    <\/div>\n<\/div>            <\/div>\n            \n        \n\t<div class=\"wpb_text_column wpb_content_element\" >\n\t\t<div class=\"wpb_wrapper\">\n\t\t\t<p>Di\u00e1k kateg\u00f3ria &#8211; <b>Barna M\u00e1t\u00e9<\/b> &#8211; Diszk\u00f3 Dikt\u00e1tor<\/p>\n<p>Dokumentumfilm kateg\u00f3ria &#8211; <b>Vir\u00e1g P\u00e9ter<\/b> &#8211; Alla Zingara<\/p>\n<p>Term\u00e9szetfilm kateg\u00f3ria &#8211; <b>T\u00f6r\u00f6k Zolt\u00e1nt \u00e9s Jan Henrikssont<\/b> &#8211; Vad lovak \u2013 Hortob\u00e1gyi mese<\/p>\n<p>Term\u00e9szetfilm k\u00fcl\u00f6nd\u00edj &#8211; <b>Tisza Bal\u00e1zs<\/b> &#8211; Amir\u0151l a f\u00e1k suttognak<\/p>\n<p>Tvfilm kateg\u00f3ria &#8211; <b>Hartung D\u00e1vid<\/b> &#8211; Pil\u00e1tus<span class=\"Apple-converted-space\">\u00a0 <\/span><\/p>\n<p>Kisj\u00e1t\u00e9kfilm kateg\u00f3ria &#8211; <b>B\u00e1nt\u00f3 Csaba<\/b> &#8211; Mei \u2013 K\u00e1pr\u00e1zat<\/p>\n<p>J\u00e1t\u00e9kfim kateg\u00f3ria &#8211; R\u00e9der Gy\u00f6rgy &#8211; Spri\u00e1l<\/p>\n<p>\u00c9rdemd\u00edj &#8211; <b>Ezequiel Salinas<\/b> &#8211; Dusk<\/p>\n<p>Kov\u00e1cs L\u00e1szl\u00f3-Zsigmond Vilmos \u00c9letm\u0171d\u00edjjal tisztelegt\u00fcnk <b>Kov\u00e1cs Gyula, Luk\u00e1cs L\u00f3r\u00e1nt, Szil\u00e1gyi Virgil<\/b> \u00e9s <b>R\u00e1k J\u00f3zsef<\/b> munk\u00e1ss\u00e1gai el\u0151tt.<span class=\"Apple-converted-space\">\u00a0<\/span><\/p>\n<p>A Sz\u00ednh\u00e1z- \u00e9s Filmm\u0171v\u00e9szeti F\u0151iskola, illetve a Sz\u00ednh\u00e1z- \u00e9s Filmm\u0171v\u00e9szeti Egyetem egykori m\u0171teremmester\u00e9t, <b>Stecz Istv\u00e1n<\/b> f\u0151vil\u00e1gos\u00edt\u00f3t pedig Bojkovszky B\u00e9la-d\u00edjban r\u00e9szes\u00edtett\u00e9k.<\/p>\n\n\t\t<\/div>\n\t<\/div>\n<\/div><\/div><\/div><div class=\"wpb_column vc_column_container vc_col-sm-6\"><div class=\"vc_column-inner\"><div class=\"wpb_wrapper\">            \n            <div class=\"wpb_animate_when_almost_visible haru-css-animation wpb_fadeIn\">\n                \n<div class=\"icon-box-shortcode-wrap style_3\">\n    <div class=\"icon-box-container\">\n        <div class=\"icon-top\">\n            <div class=\"icon-wrap\">\n                <img decoding=\"async\" src=\"https:\/\/cinematographerawards.hu\/wp-content\/uploads\/2018\/07\/icon-creative-direct.png\" alt=\"2020. febru\u00e1r 7. \u2013 Pesti Vigad\u00f3\">\n            <\/div>\n            <div class=\"icon-title\">\n                                <h5>2020. febru\u00e1r 7. \u2013 Pesti Vigad\u00f3<\/h5>\n                            <\/div>\n        <\/div>\n        <div class=\"icon-content\">\n            <p class=\"icon-description\"><\/p>\n        <\/div>\n    <\/div>\n<\/div>            <\/div>\n            \n        \n\t<div class=\"wpb_text_column wpb_content_element\" >\n\t\t<div class=\"wpb_wrapper\">\n\t\t\t<p>Di\u00e1k kateg\u00f3ria &#8211; <b>Gyuricza M\u00e1ty\u00e1s<\/b> &#8211; Kelet<\/p>\n<p>Dokumentumfilm kateg\u00f3ria &#8211; <b>Bord\u00e1s R\u00f3bert<\/b> &#8211; Gett\u00f3 Balboa<\/p>\n<p>Dokumentumfilm k\u00fcl\u00f6nd\u00edj &#8211; <b>Feh\u00e9r Zolt\u00e1n<\/b> &#8211; a\u00a0Vad v\u00edz: Aqua Hungarica<\/p>\n<p>Kisj\u00e1t\u00e9kfilm kateg\u00f3ria &#8211; <b>B\u00e1nt\u00f3 Csaba<\/b> &#8211; K\u00e9t cs\u00edk<\/p>\n<p>Telev\u00edzi\u00f3s film kateg\u00f3ria &#8211; <b>T\u00f3th Zsolt<\/b> &#8211; Magdolna<\/p>\n<p>J\u00e1t\u00e9kfilm kateg\u00f3ria &#8211; <b>M.De\u00e1k Krist\u00f3f<\/b> &#8211; FOMO &#8211; Megosztod, \u00e9s uralkodsz<\/p>\n<p>Kov\u00e1cs L\u00e1szl\u00f3-Zsigmond Vilmos \u00c9letm\u0171d\u00edjjal tisztelegtek a szervez\u0151k:<\/p>\n<p><b>M\u00e1th\u00e9 Tibor, Jancs\u00f3 Nyika, Szalai Andr\u00e1s<\/b><\/p>\n<p><b>Hajd\u00fa Mikl\u00f3s<\/b> f\u0151vil\u00e1gos\u00edt\u00f3t pedig Bojkovszky B\u00e9la-d\u00edjban r\u00e9szes\u00edtett\u00e9k.<\/p>\n<p>Kameraman k\u00fcl\u00f6n d\u00edjat kapott <b>Bille L\u00e1szl\u00f3.<span class=\"Apple-converted-space\">\u00a0<\/span><\/b><\/p>\n<p>F\u00e9nymegad\u00f3 d\u00edjat <b>Kov\u00e1cs L\u00e1szl\u00f3<\/b> kapta. <span class=\"Apple-converted-space\">\u00a0<\/span><\/p>\n<p>az Eur\u00f3pai Operat\u0151r Sz\u00f6vets\u00e9g, az IMAGO \u201eThe IMAGO International Tribute Award\u201d d\u00edj\u00e1t <b>Vagy\u00f3czky Tibor<\/b> vehette \u00e1t.<span class=\"Apple-converted-space\">\u00a0<\/span><\/p>\n\n\t\t<\/div>\n\t<\/div>\n<\/div><\/div><\/div><\/div><\/div><\/div><\/div><\/div><div class=\"vc_row wpb_row vc_row-fluid vc_custom_1533626661634\"><div class=\"wpb_column vc_column_container vc_col-sm-12\"><div class=\"vc_column-inner\"><div class=\"wpb_wrapper\"><div class=\"vc_row wpb_row vc_inner vc_row-fluid\"><div class=\"wpb_column vc_column_container vc_col-sm-6\"><div class=\"vc_column-inner\"><div class=\"wpb_wrapper\">            \n            <div class=\"\">\n                \n<div class=\"icon-box-shortcode-wrap style_3\">\n    <div class=\"icon-box-container\">\n        <div class=\"icon-top\">\n            <div class=\"icon-wrap\">\n                <img decoding=\"async\" src=\"https:\/\/cinematographerawards.hu\/wp-content\/uploads\/2018\/07\/icon-creative-direct.png\" alt=\"2019. janu\u00e1r 31. \u2013 Pesti Vigad\u00f3\">\n            <\/div>\n            <div class=\"icon-title\">\n                                <h5>2019. janu\u00e1r 31. \u2013 Pesti Vigad\u00f3<\/h5>\n                            <\/div>\n        <\/div>\n        <div class=\"icon-content\">\n            <p class=\"icon-description\"><\/p>\n        <\/div>\n    <\/div>\n<\/div>            <\/div>\n            \n        \n\t<div class=\"wpb_text_column wpb_content_element\" >\n\t\t<div class=\"wpb_wrapper\">\n\t\t\t<p>Di\u00e1k kateg\u00f3ria &#8211; <b>Lehr Juh\u00e1sz P\u00e9ter<\/b> &#8211; Jakab<\/p>\n<p>Term\u00e9szetfilm kateg\u00f3ria &#8211; <b>Mosonyi Szabolcs &#8211;<\/b> Vad Balaton<\/p>\n<p>Dokumentumfilm kateg\u00f3ria &#8211; <b>Boros R.Gy\u00f6rgy<\/b> &#8211; El\u00edziumi k\u00e9m<\/p>\n<p>Kisj\u00e1t\u00e9kfilm kateg\u00f3ria &#8211; <b>D\u00e9v\u00e9nyi Zolt\u00e1n<\/b> &#8211; Ostrom<\/p>\n<p>Telev\u00edzi\u00f3s film kateg\u00f3ria &#8211; <b>Csuk\u00e1s S\u00e1ndor<\/b> &#8211; Mer\u00e9nylet<\/p>\n<p>J\u00e1t\u00e9kfilm kateg\u00f3ria &#8211; <b>Nagy Andr\u00e1s<\/b> &#8211; \u00d6r\u00f6k t\u00e9l<\/p>\n<p>Kov\u00e1cs L\u00e1szl\u00f3-Zsigmond Vilmos \u00c9letm\u0171d\u00edjjal tisztelegtek a szervez\u0151k:<\/p>\n<p><b>Vagy\u00f3czky Tibor, Gyurik\u00f3 l\u00e1szl\u00f3, Pap Ferenc<\/b><\/p>\n<p><b>Marton J\u00f3zsef<\/b> f\u0151vil\u00e1gos\u00edt\u00f3t pedig Bojkovszky B\u00e9la-d\u00edjban r\u00e9szes\u00edtett\u00e9k.<\/p>\n\n\t\t<\/div>\n\t<\/div>\n<\/div><\/div><\/div><div class=\"wpb_column vc_column_container vc_col-sm-6\"><div class=\"vc_column-inner\"><div class=\"wpb_wrapper\">            \n            <div class=\"wpb_animate_when_almost_visible haru-css-animation wpb_fadeIn\">\n                \n<div class=\"icon-box-shortcode-wrap style_3\">\n    <div class=\"icon-box-container\">\n        <div class=\"icon-top\">\n            <div class=\"icon-wrap\">\n                <img decoding=\"async\" src=\"https:\/\/cinematographerawards.hu\/wp-content\/uploads\/2018\/07\/icon-creative-direct.png\" alt=\"2018. janu\u00e1r 30. \u2013 Pesti Vigad\u00f3\">\n            <\/div>\n            <div class=\"icon-title\">\n                                <h5>2018. janu\u00e1r 30. \u2013 Pesti Vigad\u00f3<\/h5>\n                            <\/div>\n        <\/div>\n        <div class=\"icon-content\">\n            <p class=\"icon-description\"><\/p>\n        <\/div>\n    <\/div>\n<\/div>            <\/div>\n            \n        \n\t<div class=\"wpb_text_column wpb_content_element\" >\n\t\t<div class=\"wpb_wrapper\">\n\t\t\t<p>Di\u00e1k kateg\u00f3ria &#8211; <b>Bal\u00e1zs Istv\u00e1n Bal\u00e1zs<\/b> &#8211; Wonder \u00e9s Semmi sem t\u00f6rt\u00e9nt<\/p>\n<p>A janu\u00e1r 30-\u00e1n a Vigad\u00f3ban tartott els\u0151 d\u00edj\u00e1tad\u00f3n <b>Kende J\u00e1nos, Koltai Lajos, Pados Gyula, Rag\u00e1lyi Elem\u00e9r<\/b> \u00e9s <b>S\u00e1ra S\u00e1ndor<\/b> \u00e9letm\u0171d\u00edjat vehetett \u00e1t, mert Kov\u00e1cs L\u00e1szl\u00f3hoz \u00e9s Zsigmond Vilmoshoz hasonl\u00f3an nemzetk\u00f6zi produkci\u00f3kban is kiemelked\u0151 operat\u0151ri munk\u00e1jukkal felh\u00edvtak a vil\u00e1g figyelm\u00e9t a magyar operat\u0151ri iskol\u00e1ra.<span class=\"Apple-converted-space\">\u00a0<\/span><\/p>\n<p>Az \u00fcnnep\u00e9lyes esem\u00e9nyen jelen volt Kov\u00e1cs L\u00e1szl\u00f3 \u00e9s Zsigmond Vilmos \u00f6zvegye is.<\/p>\n<p>A d\u00edj oda\u00edt\u00e9l\u00e9s\u00e9r\u0151l a Lajos Tam\u00e1s operat\u0151r-producerb\u0151l, Nagy Andr\u00e1s operat\u0151rb\u0151l, K\u00e1el Csaba rendez\u0151b\u0151l \u2013 aki a B\u00e1nk B\u00e1n c\u00edm\u0171 filmben egy\u00fctt dolgozott Zsigmond Vilmossal &#8211; \u00e9s Nov\u00e1k Emil operat\u0151rb\u0151l, a Magyar Filmakad\u00e9mia eln\u00f6k\u00e9b\u0151l, a d\u00edj alap\u00edt\u00f3j\u00e1b\u00f3l \u00e1ll\u00f3 zs\u0171ri d\u00f6nt\u00f6tt.<\/p>\n\n\t\t<\/div>\n\t<\/div>\n<\/div><\/div><\/div><\/div><\/div><\/div><\/div><\/div><div class=\"vc_row wpb_row vc_row-fluid vc_custom_1533626661634\"><div class=\"wpb_column vc_column_container vc_col-sm-12\"><div class=\"vc_column-inner\"><div class=\"wpb_wrapper\"><div class=\"vc_row wpb_row vc_inner vc_row-fluid\"><div class=\"wpb_column vc_column_container vc_col-sm-6\"><div class=\"vc_column-inner\"><div class=\"wpb_wrapper\">            \n            <div class=\"\">\n                \n<div class=\"icon-box-shortcode-wrap style_3\">\n    <div class=\"icon-box-container\">\n        <div class=\"icon-top\">\n            <div class=\"icon-wrap\">\n                <img decoding=\"async\" src=\"https:\/\/cinematographerawards.hu\/wp-content\/uploads\/2018\/07\/icon-creative-direct.png\" alt=\"2017. j\u00fanius 23. \u2013 Dover Klub \u2013 ARRISZEM\">\n            <\/div>\n            <div class=\"icon-title\">\n                                <h5>2017. j\u00fanius 23. \u2013 Dover Klub \u2013 ARRISZEM<\/h5>\n                            <\/div>\n        <\/div>\n        <div class=\"icon-content\">\n            <p class=\"icon-description\"><\/p>\n        <\/div>\n    <\/div>\n<\/div>            <\/div>\n            \n        \n\t<div class=\"wpb_text_column wpb_content_element\" >\n\t\t<div class=\"wpb_wrapper\">\n\t\t\t<p>Di\u00e1k SZFE kateg\u00f3ria &#8211; <b>Gyuricza M\u00e1ty\u00e1s<\/b> &#8211; F\u00f6ldiek<\/p>\n<p>Ismeretterjeszt\u0151 kateg\u00f3ria &#8211; <b>S\u00e1sdi Zsolt<\/b> &#8211; Budapest Inferno- A Moln\u00e1r J\u00e1nos- barlang titka<\/p>\n<p>Dramatiz\u00e1lt dokumentumfilm kateg\u00f3ria &#8211; <b>Nemes Tibor<\/b> &#8211; Soul Exodus<\/p>\n<p>J\u00e1t\u00e9kfilm kateg\u00f3ria &#8211; <b>Herbai M\u00e1t\u00e9<\/b> &#8211; Testr\u0151l \u00e9s L\u00e9lekr\u0151l<\/p>\n<p>Zen\u00e9s klip kateg\u00f3ria &#8211; <b>Nagy Marcell<\/b> &#8211; F.\u00c9.SZ.E.K.<span class=\"Apple-converted-space\">\u00a0 <\/span><\/p>\n<p>Rekl\u00e1mfilm kateg\u00f3ria &#8211; <b>Hartung D\u00e1vid<\/b> &#8211; Hell Energy<\/p>\n<p>&nbsp;<\/p>\n<p>Az \u00c9V operat\u0151re Ill\u00e9s Gy\u00f6rgy d\u00edj &#8211; ARRISZEM d\u00edj &#8211; <b>Szatm\u00e1ri P\u00e9ter<\/b> &#8211; Kincsem<\/p>\n<p>Legenda d\u00edj &#8211; <b>Andor Tam\u00e1s<\/b><\/p>\n\n\t\t<\/div>\n\t<\/div>\n<\/div><\/div><\/div><div class=\"wpb_column vc_column_container vc_col-sm-6\"><div class=\"vc_column-inner\"><div class=\"wpb_wrapper\">            \n            <div class=\"wpb_animate_when_almost_visible haru-css-animation wpb_fadeIn\">\n                \n<div class=\"icon-box-shortcode-wrap style_3\">\n    <div class=\"icon-box-container\">\n        <div class=\"icon-top\">\n            <div class=\"icon-wrap\">\n                <img decoding=\"async\" src=\"https:\/\/cinematographerawards.hu\/wp-content\/uploads\/2018\/07\/icon-creative-direct.png\" alt=\"2015. november 27. \u2013 UR\u00c1NIA\">\n            <\/div>\n            <div class=\"icon-title\">\n                                <h5>2015. november 27. \u2013 UR\u00c1NIA<\/h5>\n                            <\/div>\n        <\/div>\n        <div class=\"icon-content\">\n            <p class=\"icon-description\"><\/p>\n        <\/div>\n    <\/div>\n<\/div>            <\/div>\n            \n        \n\t<div class=\"wpb_text_column wpb_content_element\" >\n\t\t<div class=\"wpb_wrapper\">\n\t\t\t<p>Dokumentumfilm kateg\u00f3ria &#8211; <b>Natasha Pavlovskaya<\/b> &#8211; A seb<\/p>\n<p>Term\u00e9szetfilm kateg\u00f3ria &#8211; <b>Mosonyi Szabolcs<\/b> &#8211; Vad Kuns\u00e1g &#8211; A Puszta rejtett \u00e9lete<\/p>\n<p>TV film kateg\u00f3ria &#8211; <b>Dobos Tam\u00e1s<\/b> &#8211; Hivatal<\/p>\n<p>Kisj\u00e1t\u00e9kfilm kateg\u00f3ria &#8211; <b>Reich D\u00e1niel \u00e9s Sz\u0151ke D\u00e1niel<\/b> &#8211; Z\u00e1rid\u0151<\/p>\n<p>J\u00e1t\u00e9kfilm kateg\u00f3ria &#8211; <b>Gy\u0151ri M\u00e1rk<\/b> &#8211; V\u00edkend<\/p>\n<p>K\u00eds\u00e9rleti film kateg\u00f3ria &#8211; <b>Dimeth Bal\u00e1zs Ferenc<\/b> &#8211; Hero&#8217;s Journey<\/p>\n<p>Zen\u00e9s klip kateg\u00f3ria &#8211; <b>Majoros Zsolt<\/b> &#8211; Bohemian Betyars: \u00d6sszef\u00faj a sz\u00e9l<\/p>\n<p>Moziel\u0151zetes kateg\u00f3ria &#8211; <b>Sz\u0151ke D\u00e1niel<\/b> &#8211; Arany\u00e9let<\/p>\n<p>Rekl\u00e1mfilm kateg\u00f3ria &#8211; <b>Dob\u00f3czi Bal\u00e1zs<\/b> &#8211; Zeneakad\u00e9mia im\u00e1zsklip<\/p>\n<p>Di\u00e1k SZFE kateg\u00f3ria &#8211; <b>T\u00e1borosi Andr\u00e1s<\/b> &#8211; Tolvaj<\/p>\n<p>Extra kateg\u00f3ria (b\u00e1rmilyen hossz\u00fas\u00e1g\u00fa \u00e9s m\u0171faj\u00fa film) &#8211; <b>K\u00f6rt\u00e9si B\u00e9la<\/b> &#8211; Mikor szolg\u00e1nak telik esztendeje<\/p>\n<p>Extra kateg\u00f3ria (b\u00e1rmilyen hossz\u00fas\u00e1g\u00fa \u00e9s m\u0171faj\u00fa film) &#8211; <b>Zsigmond Attila<\/b> &#8211; Mindennapi kenyer\u00fcnket<span class=\"Apple-converted-space\">\u00a0 <\/span><\/p>\n<p>Az \u00c9V operat\u0151re Ill\u00e9s Gy\u00f6rgy d\u00edj &#8211; <b>Erd\u00e9ly M\u00e1ty\u00e1s<\/b> &#8211; Saul fia<\/p>\n<p>\u00c9letm\u0171d\u00edjat kapott &#8211; <b>T\u00f6r\u0151csik Mari<\/b> 80.<\/p>\n\n\t\t<\/div>\n\t<\/div>\n<\/div><\/div><\/div><\/div><\/div><\/div><\/div><\/div><div class=\"vc_row wpb_row vc_row-fluid vc_custom_1533626661634\"><div class=\"wpb_column vc_column_container vc_col-sm-12\"><div class=\"vc_column-inner\"><div class=\"wpb_wrapper\"><div class=\"vc_row wpb_row vc_inner vc_row-fluid\"><div class=\"wpb_column vc_column_container vc_col-sm-6\"><div class=\"vc_column-inner\"><div class=\"wpb_wrapper\">            \n            <div class=\"\">\n                \n<div class=\"icon-box-shortcode-wrap style_3\">\n    <div class=\"icon-box-container\">\n        <div class=\"icon-top\">\n            <div class=\"icon-wrap\">\n                <img decoding=\"async\" src=\"https:\/\/cinematographerawards.hu\/wp-content\/uploads\/2018\/07\/icon-creative-direct.png\" alt=\"2014. december 12. \u2013 Dover Klub\">\n            <\/div>\n            <div class=\"icon-title\">\n                                <h5>2014. december 12. \u2013 Dover Klub<\/h5>\n                            <\/div>\n        <\/div>\n        <div class=\"icon-content\">\n            <p class=\"icon-description\"><\/p>\n        <\/div>\n    <\/div>\n<\/div>            <\/div>\n            \n        \n\t<div class=\"wpb_text_column wpb_content_element\" >\n\t\t<div class=\"wpb_wrapper\">\n\t\t\t<p>Dokumentumfilm &#8211; T\u00f6r\u00f6k Vidor d\u00edj &#8211; <b>Kiss Rudolf P\u00e9ter<\/b> &#8211; K\u00e1in gyermekei<\/p>\n<p>Term\u00e9szetfilm &#8211; Homoki Nagy Istv\u00e1n d\u00edj &#8211; <b>Mosonyi Szabolcs<\/b> &#8211; Vad szigetk\u00f6z &#8211; A sz\u00e1razf\u00f6ldi delta<\/p>\n<p>TV film &#8211; Eiben Istv\u00e1n d\u00edj &#8211; <b>Nagy Andr\u00e1s<\/b> &#8211; A berni k\u00f6vet<\/p>\n<p>Kisj\u00e1t\u00e9kfilm &#8211; Hegyi Barnab\u00e1s d\u00edj &#8211; <b>Dobos Tam\u00e1s<\/b> &#8211; Lev\u00e9l Istenhez<\/p>\n<p>J\u00e1t\u00e9kfilm kateg\u00f3ria <b>&#8211; Gr\u00e1tz M\u00e1rk<\/b> &#8211; Dr\u00e1ga Elza<span class=\"Apple-converted-space\">\u00a0 <\/span><\/p>\n<p>TV sorozat kateg\u00f3ria &#8211; <b>Herbai M\u00e1t\u00e9 &amp; Dobos Tam\u00e1s<\/b> &#8211; Ter\u00e1pia<\/p>\n<p>Dramatiz\u00e1lt dokumentumfilm kateg\u00f3ria &#8211; <b>Hartung D\u00e1vid<\/b> &#8211; Hetvenes<\/p>\n<p>Zen\u00e9s klip kateg\u00f3ria &#8211; <b>Mayer Zolt\u00e1n<\/b> &#8211; Zs\u00e9da H\u00e9tk\u00f6znapi mennyorsz\u00e1g<\/p>\n<p>Legjobb moziel\u0151zetes kateg\u00f3ria &#8211; <b>Mayer Zolt\u00e1n<\/b> &#8211; Five2<\/p>\n<p>Rekl\u00e1mfilm kateg\u00f3ria &#8211; <b>Garai G\u00e1bor<\/b> &#8211; A Magyar \u00c1llami Operah\u00e1z<\/p>\n<p>K\u00eds\u00e9rleti kateg\u00f3ria &#8211; <b>Kiss S\u00e1ndor<\/b> &#8211; A k\u00e9z \u00e9lete<\/p>\n<p>Telev\u00edzi\u00f3s show kateg\u00f3ria &#8211; <b>L\u00e1szl\u00f3 Zsolt<\/b> &#8211; Szt\u00e1rban szt\u00e1r<\/p>\n<p>Di\u00e1k SZFE kateg\u00f3ria- <b>T\u00f3th Evelin Judit<\/b> &#8211; Zsibv\u00e1s\u00e1r<\/p>\n<p>Az \u00c9V operat\u0151re Ill\u00e9s Gy\u00f6rgy d\u00edj &#8211; <b>Dobos Tam\u00e1s<\/b><\/p>\n<p>A 2014-es fesztiv\u00e1l k\u00fcl\u00f6n\u00f6sen fontos volt, hisz h\u00e1rom kiemelked\u0151 magyar operat\u0151r \u2013 Ill\u00e9s Gy\u00f6rgy, Hegyi Barnab\u00e1s \u00e9s Homoki Nagy Istv\u00e1n sz\u00fclet\u00e9s\u00e9nek 100. \u00e9vfordul\u00f3j\u00e1r\u00f3l megeml\u00e9kezt\u00fcnk.<\/p>\n\n\t\t<\/div>\n\t<\/div>\n<\/div><\/div><\/div><div class=\"wpb_column vc_column_container vc_col-sm-6\"><div class=\"vc_column-inner\"><div class=\"wpb_wrapper\">            \n            <div class=\"wpb_animate_when_almost_visible haru-css-animation wpb_fadeIn\">\n                \n<div class=\"icon-box-shortcode-wrap style_3\">\n    <div class=\"icon-box-container\">\n        <div class=\"icon-top\">\n            <div class=\"icon-wrap\">\n                <img decoding=\"async\" src=\"https:\/\/cinematographerawards.hu\/wp-content\/uploads\/2018\/07\/icon-creative-direct.png\" alt=\"2013. december 15. \u2013 Sz\u00e9pm\u0171v\u00e9szeti M\u00fazeum\">\n            <\/div>\n            <div class=\"icon-title\">\n                                <h5>2013. december 15. \u2013 Sz\u00e9pm\u0171v\u00e9szeti M\u00fazeum<\/h5>\n                            <\/div>\n        <\/div>\n        <div class=\"icon-content\">\n            <p class=\"icon-description\"><\/p>\n        <\/div>\n    <\/div>\n<\/div>            <\/div>\n            \n        \n\t<div class=\"wpb_text_column wpb_content_element\" >\n\t\t<div class=\"wpb_wrapper\">\n\t\t\t<p>Di\u00e1k SZFE kateg\u00f3ria &#8211; <b>Nagy Marcell<\/b> &#8211; Humunculus<\/p>\n<p>Di\u00e1k kateg\u00f3ri\u00e1ban &#8211; <b>D\u00e9v\u00e9nyi Zolt\u00e1n \u00e9s Kov\u00e1cs \u00c1kos<\/b> dics\u00e9r\u0151 oklev\u00e9lben<span class=\"Apple-converted-space\">\u00a0 <\/span><\/p>\n<p>Term\u00e9szetfilm kateg\u00f3ria &#8211; <b>Juh\u00e1sz \u00c1gota<\/b> &#8211; Hegyi kasz\u00e1l\u00f3k<\/p>\n<p>Zen\u00e9sklip kateg\u00f3ria &#8211; <b>Mayer Zolt\u00e1n<\/b><\/p>\n<p>Zen\u00e9s klip kateg\u00f3ri\u00e1ban &#8211; <b>Szalai M\u00e1rk<\/b> oklevelet kapott.<span class=\"Apple-converted-space\">\u00a0 <\/span><\/p>\n<p>Dokumentumfilm kateg\u00f3ria &#8211; <b>Petrik Andr\u00e1s<\/b> &#8211; Fels\u0151bb Parancs<\/p>\n<p>Kisj\u00e1t\u00e9kfilm kateg\u00f3ria &#8211; <b>Tausz G\u00e1bor<\/b><\/p>\n<p>Kisj\u00e1t\u00e9kfilm kateg\u00f3ri\u00e1ban &#8211; <b>Bal\u00e1zs Istv\u00e1n Bal\u00e1zs<\/b> oklevelet kapott.<span class=\"Apple-converted-space\">\u00a0 <\/span><\/p>\n<p>TV film kateg\u00f3ria &#8211; <b>Hartung D\u00e1vid<\/b><\/p>\n<p>Az \u00c9V operat\u0151re telev\u00edzi\u00f3s kateg\u00f3ri\u00e1ban &#8211; <b>Reich L\u00e1szl\u00f3 <\/b><\/p>\n<p>Az \u00c9V operat\u0151re film kateg\u00f3ri\u00e1ban &#8211; <b>Poh\u00e1rnok Gergely<span class=\"Apple-converted-space\">\u00a0 <\/span><\/b><\/p>\n<p>Az idei fesztiv\u00e1l d\u00edszvend\u00e9ge a h\u00e1romszoros Oscar-d\u00edjas Vittorio Storaro volt, akinek Koltai Lajos \u00c9letm\u0171-d\u00edjat adott \u00e1t. A X.\u00a0Aranyszem Operat\u0151r Fesztiv\u00e1l Legenda- D\u00edj\u00e1t az id\u00e9n 72. sz\u00fclet\u00e9snapj\u00e1t \u00fcnnepl\u0151 Kossuth-d\u00edjas m\u0171v\u00e9sz, Kende J\u00e1nos kapta<\/p>\n\n\t\t<\/div>\n\t<\/div>\n<\/div><\/div><\/div><\/div><\/div><\/div><\/div><\/div><div class=\"vc_row wpb_row vc_row-fluid vc_custom_1533626661634\"><div class=\"wpb_column vc_column_container vc_col-sm-12\"><div class=\"vc_column-inner\"><div class=\"wpb_wrapper\"><div class=\"vc_row wpb_row vc_inner vc_row-fluid\"><div class=\"wpb_column vc_column_container vc_col-sm-6\"><div class=\"vc_column-inner\"><div class=\"wpb_wrapper\">            \n            <div class=\"\">\n                \n<div class=\"icon-box-shortcode-wrap style_3\">\n    <div class=\"icon-box-container\">\n        <div class=\"icon-top\">\n            <div class=\"icon-wrap\">\n                <img decoding=\"async\" src=\"https:\/\/cinematographerawards.hu\/wp-content\/uploads\/2018\/07\/icon-creative-direct.png\" alt=\"2012. november 16. \u2013 M\u0171j\u00e9gp\u00e1lya d\u00edszt\u00e9r\">\n            <\/div>\n            <div class=\"icon-title\">\n                                <h5>2012. november 16. \u2013 M\u0171j\u00e9gp\u00e1lya d\u00edszt\u00e9r<\/h5>\n                            <\/div>\n        <\/div>\n        <div class=\"icon-content\">\n            <p class=\"icon-description\"><\/p>\n        <\/div>\n    <\/div>\n<\/div>            <\/div>\n            \n        \n\t<div class=\"wpb_text_column wpb_content_element\" >\n\t\t<div class=\"wpb_wrapper\">\n\t\t\t<p>Di\u00e1k SZFE kateg\u00f3ria &#8211; <b>Tausz G\u00e1bor<\/b> &#8211; Egyenes Labirintus<\/p>\n<p>Zen\u00e9sklip kateg\u00f3ria &#8211; <b>Polg\u00e1r Csaba<\/b> &#8211; Down \u2013 Feh\u00e9r Bal\u00e1zs<\/p>\n<p>Image Film kateg\u00f3ria &#8211; <b>Mohi S\u00e1ndor<\/b> &#8211; A R\u00f3zsa \u00fczenete<\/p>\n<p>Dokumentumfilm kateg\u00f3ria &#8211; <b>Kiss Rudolf P\u00e9ter<\/b> &#8211; K\u00e9t vil\u00e1g k\u00f6zt<\/p>\n<p>Kisj\u00e1t\u00e9kfilm kateg\u00f3ria &#8211; <b>Poh\u00e1rnok Gergely<\/b> &#8211; Legenda<\/p>\n<p>Telev\u00edzi\u00f3s sorozat kateg\u00f3ria &#8211; <b>B. Marton Frigyes<\/b> &#8211; Sz\u00e1jh\u0151s\u00f6k 1.r\u00e9sz<\/p>\n<p>Telev\u00edzi\u00f3s sorozat kateg\u00f3ria &#8211; <b>Gy\u0151ri M\u00e1rk<\/b> &#8211; \u00c1tok filmsorozat \u2013 Az \u00e9jszaka<\/p>\n<p>Telev\u00edzi\u00f3s sorozat kateg\u00f3ria &#8211; <b>Babos Tam\u00e1s<\/b> &#8211; Hacktion<\/p>\n<p>J\u00e1t\u00e9kfilm kateg\u00f3ria &#8211; <b>M\u00e1th\u00e9 Tibor<\/b> &#8211; Aglaja<\/p>\n<p>Az \u00c9V operat\u0151re Ill\u00e9s Gy\u00f6rgy d\u00edj &#8211; <b>Rag\u00e1lyi Elem\u00e9r<\/b> HSC kapta, az Ajt\u00f3 c. film\u00e9rt.<\/p>\n<p>Z\u00e1konyi S. Tam\u00e1s a Mafilm Nonprofit Zrt. eln\u00f6k-vez\u00e9rigazgat\u00f3ja, \u00e1tadott a XX. sz\u00e1zad filmes eszk\u00f6zei k\u00f6z\u00fcl n\u00e9h\u00e1ny f\u00e9nym\u00e9r\u0151t r\u00e9gi tulajdonosainak, illetve akik nincsenek k\u00f6zt\u00fcnk Ill\u00e9s Gy\u00f6rgy \u00e9s Jankura P\u00e9ter hozz\u00e1tartoz\u00f3inak.<\/p>\n<p>\u00c1tvett\u00e9k a f\u00e9nym\u00e9r\u0151ket:<\/p>\n<p><b>Andor Tam\u00e1s, Koltai Lajos, Szab\u00f3 G\u00e1bor, Zsombolyai J\u00e1nos, Langm\u00e1r B\u00e9la<\/b><\/p>\n\n\t\t<\/div>\n\t<\/div>\n<\/div><\/div><\/div><div class=\"wpb_column vc_column_container vc_col-sm-6\"><div class=\"vc_column-inner\"><div class=\"wpb_wrapper\">            \n            <div class=\"wpb_animate_when_almost_visible haru-css-animation wpb_fadeIn\">\n                \n<div class=\"icon-box-shortcode-wrap style_3\">\n    <div class=\"icon-box-container\">\n        <div class=\"icon-top\">\n            <div class=\"icon-wrap\">\n                <img decoding=\"async\" src=\"https:\/\/cinematographerawards.hu\/wp-content\/uploads\/2018\/07\/icon-creative-direct.png\" alt=\"2011. december 04. \u2013 SYMBOL\">\n            <\/div>\n            <div class=\"icon-title\">\n                                <h5>2011. december 04. \u2013 SYMBOL<\/h5>\n                            <\/div>\n        <\/div>\n        <div class=\"icon-content\">\n            <p class=\"icon-description\"><\/p>\n        <\/div>\n    <\/div>\n<\/div>            <\/div>\n            \n        \n\t<div class=\"wpb_text_column wpb_content_element\" >\n\t\t<div class=\"wpb_wrapper\">\n\t\t\t<p>J\u00e1t\u00e9kfilm kateg\u00f3ria gy\u0151ztese, az Origo Film Group Zrt. d\u00edj\u00e1t nyerte \u2013 <b>Szatm\u00e1ri P\u00e9ter<\/b><\/p>\n<p>Tv film kateg\u00f3ria gy\u0151ztese, a Schwindl KFT d\u00edj\u00e1t nyerte \u2013 <b>T\u00f3th Zsolt<\/b><\/p>\n<p>Kisj\u00e1t\u00e9kfilmek kateg\u00f3ria gy\u0151ztese\u00a0az Origo Film Group Zrt. d\u00edj\u00e1t nyerte <b>R\u00e9der Gy\u00f6rgy<\/b><\/p>\n<p>Di\u00e1kfilm kateg\u00f3ria gy\u0151ztese\u00a0Panavision d\u00edjat nyerte <b>R\u00e9v Marcell<\/b><\/p>\n<p>Dokumentumfilm kateg\u00f3ria gy\u0151ztese a Panasonic c\u00e9g d\u00edj\u00e1t nyerte <b>Boros Gy\u00f6rgy<\/b><\/p>\n<p>Dramatiz\u00e1lt dokumentumfilm kateg\u00f3ria gy\u0151ztese <b>Kiss Aur\u00e9l<\/b><\/p>\n<p>Rek\u00e1mfilm kateg\u00f3ria gy\u0151ztese a Korda Studi\u00f3 d\u00edj\u00e1t nyerte <b>Mayer Zolt\u00e1n<\/b><\/p>\n<p>Zen\u00e9s klip kateg\u00f3ria gy\u0151ztese <b>Mayer Zolt\u00e1n<\/b><\/p>\n<p>VISIONTEAM OPERAT\u0150R D\u00cdJ &#8211; \u00a0<b>ifj. Seregi L\u00e1szl\u00f3<\/b><\/p>\n<p>Az \u00c9V operat\u0151re Ill\u00e9s Gy\u00f6rgy d\u00edj \u2013 <b>Csuk\u00e1s S\u00e1ndor<\/b><span class=\"Apple-converted-space\">\u00a0<\/span><\/p>\n\n\t\t<\/div>\n\t<\/div>\n<\/div><\/div><\/div><\/div><\/div><\/div><\/div><\/div><div class=\"vc_row wpb_row vc_row-fluid vc_custom_1533626661634\"><div class=\"wpb_column vc_column_container vc_col-sm-12\"><div class=\"vc_column-inner\"><div class=\"wpb_wrapper\"><div class=\"vc_row wpb_row vc_inner vc_row-fluid\"><div class=\"wpb_column vc_column_container vc_col-sm-6\"><div class=\"vc_column-inner\"><div class=\"wpb_wrapper\">            \n            <div class=\"\">\n                \n<div class=\"icon-box-shortcode-wrap style_3\">\n    <div class=\"icon-box-container\">\n        <div class=\"icon-top\">\n            <div class=\"icon-wrap\">\n                <img decoding=\"async\" src=\"https:\/\/cinematographerawards.hu\/wp-content\/uploads\/2018\/07\/icon-creative-direct.png\" alt=\"2010. november 19. \u2013 UR\u00c1NIA\">\n            <\/div>\n            <div class=\"icon-title\">\n                                <h5>2010. november 19. \u2013 UR\u00c1NIA<\/h5>\n                            <\/div>\n        <\/div>\n        <div class=\"icon-content\">\n            <p class=\"icon-description\"><\/p>\n        <\/div>\n    <\/div>\n<\/div>            <\/div>\n            \n        \n\t<div class=\"wpb_text_column wpb_content_element\" >\n\t\t<div class=\"wpb_wrapper\">\n\t\t\t<p>J\u00e1t\u00e9kfilm kateg\u00f3ria &#8211; <b>Dob\u00f3czi Bal\u00e1zs<\/b> &#8211; Hal\u00e1lkering\u0151<\/p>\n<p>Term\u00e9szetfilm kateg\u00f3ria &#8211; <b>Dala Istv\u00e1n<\/b> &#8211; In vino veritas<\/p>\n<p>Tvfilm kateg\u00f3ria &#8211; <b>Vajda P\u00e9ter<\/b> &#8211; G\u00e9niusz<\/p>\n<p>Dramatiz\u00e1lt Dokumentumfilm kateg\u00f3ria &#8211; <b>Csincsi Zolt\u00e1n<\/b> &#8211; DVTK 100 \u00c9v<\/p>\n<p>Kisj\u00e1t\u00e9kfilm kateg\u00f3ria &#8211; <b>Erd\u00e9ly M\u00e1ty\u00e1s<\/b> &#8211; Az \u00dar elk\u00f6sz\u00f6n<\/p>\n<p>Zen\u00e9s klip kateg\u00f3ria &#8211; <b>R\u00e9v Marcell<\/b> &#8211; Barab\u00e1s L\u0151rinc Eklektric feat. Sena: Strange Night<\/p>\n<p>Dokumentumfilm kateg\u00f3ria &#8211; <b>Cz\u00e9t\u00e9nyi Csilla &amp; Nagy Bozs\u00f3ky J\u00f3zsef<\/b> &#8211; H\u00e1rom haz\u00e1ban Hontalan<\/p>\n<p>Rekl\u00e1mfilm kateg\u00f3ria &#8211; <b>Mayer Zolt\u00e1n<\/b> &#8211; Weltauto rekl\u00e1m<\/p>\n<p>Di\u00e1k SZFE kateg\u00f3ria &#8211; <b>Szigethy M\u00e1rton<\/b> &#8211; A Szem t\u00f6rt\u00e9nete (Glance)<\/p>\n<p>Az \u00c9V operat\u0151re Ill\u00e9s Gy\u00f6rgy d\u00edj &#8211; <b>Nagy Andr\u00e1s <\/b><\/p>\n<p>A 7. Aranyszem fesztiv\u00e1lon m\u00e1sodik alkalommal adta \u00e1t a HSC a t\u00e1rsas\u00e1g d\u00edj\u00e1t, mely az \u201eEternity\u201d &#8211; \u00d6r\u00f6kk\u00e9val\u00f3s\u00e1g\u201d elnevez\u00e9st kapta. A t\u00e1rsas\u00e1g ezzel a d\u00edjjal szeretn\u00e9 elismerni azoknak a filmes koll\u00e9g\u00e1knak a munk\u00e1j\u00e1t, akik az egyetemes filmm\u0171v\u00e9szetben kiemelked\u0151 alkot\u00e1sokat hoztak l\u00e9tre. Koltai Lajos a HSC aleln\u00f6ke, adta \u00e1t a d\u00edjat <b>Billy Williamsnak.<\/b><\/p>\n\n\t\t<\/div>\n\t<\/div>\n<\/div><\/div><\/div><div class=\"wpb_column vc_column_container vc_col-sm-6\"><div class=\"vc_column-inner\"><div class=\"wpb_wrapper\">            \n            <div class=\"wpb_animate_when_almost_visible haru-css-animation wpb_fadeIn\">\n                \n<div class=\"icon-box-shortcode-wrap style_3\">\n    <div class=\"icon-box-container\">\n        <div class=\"icon-top\">\n            <div class=\"icon-wrap\">\n                <img decoding=\"async\" src=\"https:\/\/cinematographerawards.hu\/wp-content\/uploads\/2018\/07\/icon-creative-direct.png\" alt=\"2009. december 11. \u2013 Mafilm III-IV m\u0171terem\">\n            <\/div>\n            <div class=\"icon-title\">\n                                <h5>2009. december 11. \u2013 Mafilm III-IV m\u0171terem<\/h5>\n                            <\/div>\n        <\/div>\n        <div class=\"icon-content\">\n            <p class=\"icon-description\"><\/p>\n        <\/div>\n    <\/div>\n<\/div>            <\/div>\n            \n        \n\t<div class=\"wpb_text_column wpb_content_element\" >\n\t\t<div class=\"wpb_wrapper\">\n\t\t\t<p>J\u00e1t\u00e9kfilm kateg\u00f3ria &#8211; <b>Dobos Tam\u00e1s<\/b> &#8211; Apaf\u00f6ld<\/p>\n<p>Term\u00e9szetfilm kateg\u00f3ria &#8211; <b>T\u00f3th Zsolt Marcell<\/b> &#8211; Bence+a t\u00f6bbi j\u00f3mad\u00e1r<\/p>\n<p>Tvfilm kateg\u00f3ria &#8211; <b>Reich L\u00e1szl\u00f3 &amp; Fazekas Bence<\/b> &#8211; Pesti csillagok<\/p>\n<p>Dramatiz\u00e1lt dokumentumfilm kateg\u00f3ria &#8211; <b>M\u00e1th\u00e9 Tibor<\/b> &#8211; Another Planet \u2013 M\u00e1sik Bolyg\u00f3<\/p>\n<p>Kisj\u00e1t\u00e9kfilm kateg\u00f3ria &#8211; <b>Gosztola S.\u00c1bris<\/b> &#8211; Csavarg\u00f3<\/p>\n<p>Zen\u00e9s klip kateg\u00f3ria &#8211; <b>Csepeli Eszter<\/b> &#8211; Kemik\u00e1li\u00e1k<\/p>\n<p>Dokumentumfilm kateg\u00f3ria &#8211; <b>Farkas Csaba<\/b> &#8211; Mundi Romani \u2013 Sulukule<span class=\"Apple-converted-space\">\u00a0 <\/span><\/p>\n<p>Rekl\u00e1mfilm kateg\u00f3ria &#8211; <b>Kem\u00e9nyffy Tam\u00e1s<\/b> &#8211; Pannon \u2013 L\u00e1nycsapat<span class=\"Apple-converted-space\">\u00a0 <\/span><\/p>\n<p>Di\u00e1k SZFE kateg\u00f3ria &#8211; <b>Reich D\u00e1niel<\/b> \u2013 \u00c1ldozat<\/p>\n<p>Az \u00c9V operat\u0151re Ill\u00e9s Gy\u00f6rgy d\u00edj &#8211; <b>Guly\u00e1s Buda<\/b><\/p>\n<p>Id\u00e9n el\u0151sz\u00f6r szeretn\u00e9nk megk\u00f6sz\u00f6nni \u00e1ldozatos munk\u00e1j\u00e1t k\u00e9t olyan kiv\u00e1l\u00f3 operat\u0151rnek, akik \u00e9vtizedek \u00f3ta dolgoznak a HSC k\u00f6z\u00f6ss\u00e9g\u00e9\u00e9rt.<b> Szil\u00e1gyi Virgilnek \u00e9s Vagy\u00f3czky Tibornak<\/b> a HSC eln\u00f6ki k\u00fcl\u00f6nd\u00edj\u00e1t, a gy\u00e9m\u00e1nttal d\u00edsz\u00edtett HSC jelv\u00e9nyt adott \u00e1t Kende J\u00e1nos a HSC eln\u00f6ke \u00e9s Koltai Lajos a HSC aleln\u00f6ke.<\/p>\n<p>A HSC-producereknek alap\u00edtott Fekete \u00e9s Feh\u00e9r Pascal-d\u00edjat Koltai Lajos adta \u00e1t a gy\u0151zteseknek. R\u00f6viden n\u00e9h\u00e1ny sz\u00f3ban a d\u00edjr\u00f3l. A Pascal-d\u00edj Gabriel Pascal producer-rendez\u0151r\u0151l kapta a nev\u00e9t. A lehetetlent nem ismer\u0151 producer nev\u00e9t v\u00e1lasztotta a HSC az id\u00e9n alap\u00edtott d\u00edj\u00e1nak, amellyel az Aranyszem Operat\u0151r Fesztiv\u00e1lon a filmszakma legsikeresebbnek tartott producereit jutalmazz\u00e1k K\u00f6z\u00f6ns\u00e9g- \u00e9s M\u0171v\u00e9szfilm-kateg\u00f3ri\u00e1ban.<\/p>\n<p>A fekete Pascal \u2013 k\u00f6z\u00f6ns\u00e9g film d\u00edjat: Herendi G\u00e1bor, a Feh\u00e9r Pascal \u2013 m\u0171v\u00e9sz film d\u00edjat <b>Miskolczi P\u00e9ter<\/b> kapta.<\/p>\n<p>2009. \u201eLegenda\u201d d\u00edjas operat\u0151rei: <b>Kardos S\u00e1ndor, Koltai Lajos, M\u00e1th\u00e9 Tibor, Rag\u00e1lyi Elem\u00e9r, Zsombolyai J\u00e1nos.<\/b><\/p>\n<p>2009-ben a HSC harmadik alkalommal adta \u00e1t a HSC gy\u0171r\u0171t, ezzel kolleg\u00e1ink munk\u00e1j\u00e1t szeretn\u00e9nk elismerni, akik magas sz\u00ednvonalon hozz\u00e1j\u00e1rultak az operat\u0151r k\u00f6zvetlen munkat\u00e1rsak\u00e9nt a filmek, TV j\u00e1t\u00e9kok elk\u00e9sz\u00edt\u00e9s\u00e9hez. Id\u00e9n <b>Brauner K\u00e1roly, Herczeg Mikl\u00f3s, Paluch P\u00e1l, Sisa Imre, Sz\u0171cs Attila, T\u00f3th Andr\u00e1s, T\u00f3th J\u00e1nos<\/b>, fahrtmesterek kapt\u00e1k.<\/p>\n\n\t\t<\/div>\n\t<\/div>\n<\/div><\/div><\/div><\/div><\/div><\/div><\/div><\/div><div class=\"vc_row wpb_row vc_row-fluid vc_custom_1533626661634\"><div class=\"wpb_column vc_column_container vc_col-sm-12\"><div class=\"vc_column-inner\"><div class=\"wpb_wrapper\"><div class=\"vc_row wpb_row vc_inner vc_row-fluid\"><div class=\"wpb_column vc_column_container vc_col-sm-6\"><div class=\"vc_column-inner\"><div class=\"wpb_wrapper\">            \n            <div class=\"\">\n                \n<div class=\"icon-box-shortcode-wrap style_3\">\n    <div class=\"icon-box-container\">\n        <div class=\"icon-top\">\n            <div class=\"icon-wrap\">\n                <img decoding=\"async\" src=\"https:\/\/cinematographerawards.hu\/wp-content\/uploads\/2018\/07\/icon-creative-direct.png\" alt=\"2008. december 19. \u2013 Sz\u00e9pm\u0171v\u00e9szeti M\u00fazeum\">\n            <\/div>\n            <div class=\"icon-title\">\n                                <h5>2008. december 19. \u2013 Sz\u00e9pm\u0171v\u00e9szeti M\u00fazeum<\/h5>\n                            <\/div>\n        <\/div>\n        <div class=\"icon-content\">\n            <p class=\"icon-description\"><\/p>\n        <\/div>\n    <\/div>\n<\/div>            <\/div>\n            \n        \n\t<div class=\"wpb_text_column wpb_content_element\" >\n\t\t<div class=\"wpb_wrapper\">\n\t\t\t<p>Di\u00e1k SZFE kateg\u00f3ria &#8211; <b>Tausz G\u00e1bor<\/b> &#8211; Egym\u00e1s mellett<\/p>\n<p>J\u00e1t\u00e9kfilm kateg\u00f3ria &#8211; <b>Herbai M\u00e1t\u00e9<\/b> &#8211; Nyomoz\u00f3<\/p>\n<p>Kisj\u00e1t\u00e9kfilm kateg\u00f3ria &#8211; <b>Erd\u00e9ly M\u00e1ty\u00e1s<\/b> &#8211; The Counterpart<span class=\"Apple-converted-space\">\u00a0 <\/span><\/p>\n<p>Dokumentumfilm kateg\u00f3ria &#8211; <b>T\u00f3th Zsolt &amp; Salamon Andr\u00e1s<\/b> &#8211; A v\u00e1ros ritmusa<\/p>\n<p>Term\u00e9szetfilm kateg\u00f3ria &#8211; <b>T\u00f3th Zsolt Marcell<\/b> &#8211; Vidrasors<\/p>\n<p>Az \u00c9V operat\u0151re &#8211; <b>Poh\u00e1rnok Gergely<\/b><\/p>\n<p>Legenda\u201d d\u00edjas operat\u0151r <b>S\u00e1ra S\u00e1ndor<\/b> lett, ebb\u0151l az alkalomb\u00f3l a \u201eSzinb\u00e1d\u201d c\u00edm\u0171 filmet vet\u00edtett\u00fck.<\/p>\n<p>2008 &#8211; ban a HSC m\u00e1sodik alkalommal adta \u00e1t a HSC gy\u0171r\u0171t, ezzel azon kolleg\u00e1ink munk\u00e1j\u00e1t szerett\u00fck volna elismerni, akik magas sz\u00ednvonalon hozz\u00e1j\u00e1rultak az operat\u0151r k\u00f6zvetlen munkat\u00e1rsak\u00e9nt a filmek, TV j\u00e1t\u00e9kok elk\u00e9sz\u00edt\u00e9s\u00e9hez. Id\u00e9n <b>Deimanik Tam\u00e1sn\u00e9, Haeseler Ern\u0151, Kov\u00e1cs Gyula, Reg\u00e9czy Viola \u00e9s Szirmai \u00c1rp\u00e1d<\/b> kapt\u00e1k az elismer\u00e9st. Posthumus d\u00edjjal Basilides Edit munk\u00e1ss\u00e1g\u00e1t ismert\u00fck el.<\/p>\n<p>Id\u00e9n el\u0151sz\u00f6r ker\u00fclt \u00e1tad\u00e1sra az \u201dEternity award\u201d \u201e\u00d6r\u00f6kk\u00e9val\u00f3s\u00e1g d\u00edj\u201d, amelyet azon producereknek ny\u00fajtottuk \u00e1t, akiknek munk\u00e1ja hozz\u00e1j\u00e1rult a magyar film megismertet\u00e9s\u00e9hez a Vil\u00e1g minden r\u00e9sz\u00e9n. Kit\u00fcntetettjeink: <b>H\u00e1mori Andr\u00e1s, Robert Halmi Sr., Robert Lantos \u00e9s Andrew Vajna.<\/b><\/p>\n\n\t\t<\/div>\n\t<\/div>\n<\/div><\/div><\/div><div class=\"wpb_column vc_column_container vc_col-sm-6\"><div class=\"vc_column-inner\"><div class=\"wpb_wrapper\">            \n            <div class=\"wpb_animate_when_almost_visible haru-css-animation wpb_fadeIn\">\n                \n<div class=\"icon-box-shortcode-wrap style_3\">\n    <div class=\"icon-box-container\">\n        <div class=\"icon-top\">\n            <div class=\"icon-wrap\">\n                <img decoding=\"async\" src=\"https:\/\/cinematographerawards.hu\/wp-content\/uploads\/2018\/07\/icon-creative-direct.png\" alt=\"2007 \u2013 Vam Design\">\n            <\/div>\n            <div class=\"icon-title\">\n                                <h5>2007 \u2013 Vam Design<\/h5>\n                            <\/div>\n        <\/div>\n        <div class=\"icon-content\">\n            <p class=\"icon-description\"><\/p>\n        <\/div>\n    <\/div>\n<\/div>            <\/div>\n            \n        \n\t<div class=\"wpb_text_column wpb_content_element\" >\n\t\t<div class=\"wpb_wrapper\">\n\t\t\t<p>J\u00e1t\u00e9kfilm kateg\u00f3ria &#8211; <b>M\u00e1th\u00e9 Tibor<\/b> &#8211; \u00d3pium<\/p>\n<p>Kisj\u00e1t\u00e9kfilm kateg\u00f3ria &#8211; <b>M\u00e1th\u00e9 Tibor<\/b> &#8211; vas\u00e1rnap<\/p>\n<p>Nemzetk\u00f6zi j\u00e1t\u00e9kfilm kateg\u00f3ria &#8211; <b>Pados Gyula<\/b> &#8211; Este<\/p>\n<p>Dokumentumfilm kateg\u00f3ria &#8211; <b>Tal\u00e1n Csaba<\/b> &#8211; Elboron\u00e1lva<\/p>\n<p>Dramatiz\u00e1lt dokumentumfilm kateg\u00f3ria &#8211; <b>Reich L\u00e1szl\u00f3<\/b> &#8211; 56 villan\u00e1s<\/p>\n<p>Term\u00e9szetfilm kateg\u00f3ria &#8211; <b>Dala Istv\u00e1n<\/b> &#8211; Vadludak \u00fatj\u00e1n<\/p>\n<p>K\u00eds\u00e9rleti filmek kateg\u00f3ria &#8211; <b>Varjasi Tibor<\/b> &#8211; Vil\u00e1g\u00edt\u00f3tornyok<\/p>\n<p>K\u00f6zm\u0171vel\u0151d\u00e9si sorozat kateg\u00f3ria &#8211; <b>Balog G\u00e1bor<\/b><\/p>\n<p>Sz\u00f3rakoztat\u00f3 film kateg\u00f3ria &#8211; <b>L\u00e1szl\u00f3 Zsolt<\/b> &#8211; Szt\u00e1rok a j\u00e9gen<\/p>\n<p>Zen\u00e9s film kateg\u00f3ria &#8211; <b>Nemes Tibor<\/b> &#8211; K\u00f6sz\u00f6net a szabads\u00e1g h\u0151seinek<\/p>\n<p>H\u00edrmagazin kateg\u00f3ria &#8211; <b>Csendes Cs. Csaba<\/b> &#8211; \u00c9kk\u0151szobrok<\/p>\n<p>Telev\u00edzi\u00f3s sorozat kateg\u00f3ria &#8211; <b>B.Marton Frigyes<\/b> &#8211; T\u0171zvonalban<span class=\"Apple-converted-space\">\u00a0 <\/span><\/p>\n<p>Tv film kateg\u00f3ria &#8211; <b>Szepesi G\u00e1bor<\/b> &#8211; Szuromberek kir\u00e1lyfi<\/p>\n<p>Zen\u00e9s klip kateg\u00f3ria &#8211; <b>Mayer Zolt\u00e1n<\/b> &#8211; Nem lesz t\u00f6bb t\u00e1nc<\/p>\n<p>Egyetemi di\u00e1kfilm kateg\u00f3ria &#8211; <b>Reich D\u00e1niel<\/b> &#8211; C-v\u00e1ltozat<\/p>\n<p>Rekl\u00e1mfilm kateg\u00f3ria &#8211; <b>T\u00f3th Widamon M\u00e1t\u00e9<\/b> &#8211; F\u00fcty\u00fcl\u0151s Barack<\/p>\n<p>Az \u00c9V operat\u0151re Ill\u00e9s Gy\u00f6rgy d\u00edj <b>&#8211; M\u00e1th\u00e9 Tibor <\/b><\/p>\n<p>&nbsp;<\/p>\n<p>A\u00a0Magyar Operat\u0151r\u00f6k T\u00e1rsas\u00e1ga Legenda d\u00edj\u00e1t az id\u00e9n <b>Badal J\u00e1nos<\/b> (R\u00e1k\u00f3czi hadnagya), <b>Sz\u00e9cs\u00e9nyi Ferenc<\/b> (\u00c9des Anna) \u00e9s <b>Hildebrand Istv\u00e1n<\/b> (K\u0151sz\u00edv\u0171 ember fiai) kapta.<\/p>\n<p>HSC-gy\u0171r\u0171vel ismerte el azok munk\u00e1j\u00e1t, akik az operat\u0151r k\u00f6zvetlen munkat\u00e1rsak\u00e9nt hozz\u00e1j\u00e1rultak a magyar filmm\u0171v\u00e9szet magas sz\u00ednvonal\u00fa alkot\u00e1saihoz. Ebben az \u00e9vben <b>Marton J\u00f3zsef, Romwalter B\u00e9la \u00e9s Hajd\u00fa Mikl\u00f3s<\/b> f\u0151vil\u00e1gos\u00edt\u00f3t jutalmazt\u00e1k.<\/p>\n\n\t\t<\/div>\n\t<\/div>\n<\/div><\/div><\/div><\/div><\/div><\/div><\/div><\/div><div class=\"vc_row wpb_row vc_row-fluid vc_custom_1533626661634\"><div class=\"wpb_column vc_column_container vc_col-sm-12\"><div class=\"vc_column-inner\"><div class=\"wpb_wrapper\"><div class=\"vc_row wpb_row vc_inner vc_row-fluid\"><div class=\"wpb_column vc_column_container vc_col-sm-6\"><div class=\"vc_column-inner\"><div class=\"wpb_wrapper\">            \n            <div class=\"\">\n                \n<div class=\"icon-box-shortcode-wrap style_3\">\n    <div class=\"icon-box-container\">\n        <div class=\"icon-top\">\n            <div class=\"icon-wrap\">\n                <img decoding=\"async\" src=\"https:\/\/cinematographerawards.hu\/wp-content\/uploads\/2018\/07\/icon-creative-direct.png\" alt=\"2006. november 18. \u2013 Ur\u00e1nia\">\n            <\/div>\n            <div class=\"icon-title\">\n                                <h5>2006. november 18. \u2013 Ur\u00e1nia<\/h5>\n                            <\/div>\n        <\/div>\n        <div class=\"icon-content\">\n            <p class=\"icon-description\"><\/p>\n        <\/div>\n    <\/div>\n<\/div>            <\/div>\n            \n        \n\t<div class=\"wpb_text_column wpb_content_element\" >\n\t\t<div class=\"wpb_wrapper\">\n\t\t\t<p>H\u00edrmagazin\u00a0kateg\u00f3ria &#8211; <b>Csendes Csaba<\/b> &#8211; Diplom\u00e1s roma l\u00e1ny\u00a0\u00a0\u00a0\u00a0\u00a0\u00a0\u00a0\u00a0<span class=\"Apple-converted-space\">\u00a0<\/span><\/p>\n<p>K\u00f6zm\u0171vel\u0151d\u00e9si sorozat\u00a0kateg\u00f3ria &#8211; <b>Csincsi Zolt\u00e1n<\/b> &#8211; Leonardo \u00a0\u00a0\u00a0\u00a0\u00a0<span class=\"Apple-converted-space\">\u00a0<\/span><\/p>\n<p>TV sorozat\u00a0kateg\u00f3ria &#8211; <b>Dala Istv\u00e1n<\/b> &#8211; Szerelmes F\u00f6ldrajz\u00a0\u00a0\u00a0\u00a0\u00a0<span class=\"Apple-converted-space\">\u00a0<\/span><\/p>\n<p>Zen\u00e9s Klip kateg\u00f3ria &#8211; <b>Garas D\u00e1niel<\/b> &#8211; Belga: Szerelem<\/p>\n<p>Zen\u00e9s filmek kateg\u00f3ria &#8211; <b>L\u00e1szl\u00f3 Zsolt<\/b> &#8211; Magyar Telekom Szimfonikus zenekar<\/p>\n<p>Term\u00e9szetfilm kateg\u00f3ria &#8211; <b>T\u00f3th Zsolt Marcell<\/b> &#8211; Budapesti vadon<\/p>\n<p>Rekl\u00e1m Film kateg\u00f3ria &#8211; <b>Marosi G\u00e1bor<\/b> &#8211; UNIQA\u00a0\u00a0\u00a0\u00a0\u00a0\u00a0\u00a0<span class=\"Apple-converted-space\">\u00a0<\/span><\/p>\n<p>K\u00eds\u00e9rleti filmek\u00a0kateg\u00f3ria &#8211; <b>Nov\u00e1k Erik<\/b> &#8211; Herminamez\u0151\u00a0\u00a0 <span class=\"Apple-converted-space\">\u00a0<\/span><\/p>\n<p>TV Film\u00a0kateg\u00f3ria\u00a0&#8211; <b>Rag\u00e1lyi M\u00e1rton<\/b> &#8211; Fekete Feh\u00e9r\u00a0\u00a0\u00a0\u00a0\u00a0\u00a0\u00a0\u00a0\u00a0\u00a0\u00a0\u00a0<span class=\"Apple-converted-space\">\u00a0<\/span><\/p>\n<p>Dokumentumfilm\u00a0kateg\u00f3ria &#8211; <b>B\u00e1lint Arth\u00far<\/b> &#8211; Ikrek\u00a0\u00a0\u00a0\u00a0\u00a0\u00a0\u00a0\u00a0\u00a0\u00a0\u00a0 <span class=\"Apple-converted-space\">\u00a0<\/span><\/p>\n<p>Dramatiz\u00e1lt dokumentum\u00a0kateg\u00f3ria &#8211; <b>Dob\u00f3czi Bal\u00e1zs<\/b> &#8211; Symbiosis\u00a0\u00a0\u00a0\u00a0\u00a0\u00a0\u00a0\u00a0\u00a0\u00a0<span class=\"Apple-converted-space\">\u00a0<\/span><\/p>\n<p>Kisj\u00e1t\u00e9kfilm\u00a0kateg\u00f3ria &#8211; <b>Erd\u00e9ly M\u00e1ty\u00e1s<\/b> &#8211; T\u00fcrelem\u00a0\u00a0\u00a0\u00a0\u00a0\u00a0\u00a0\u00a0\u00a0\u00a0\u00a0\u00a0<span class=\"Apple-converted-space\">\u00a0<\/span><\/p>\n<p>Di\u00e1k SZFE kateg\u00f3ria &#8211; <b>Dobos Tam\u00e1s<\/b> &#8211; Egy\u00fctt\u00a0\u00a0\u00a0\u00a0\u00a0\u00a0\u00a0\u00a0\u00a0\u00a0\u00a0\u00a0\u00a0<span class=\"Apple-converted-space\">\u00a0<\/span><\/p>\n<p>Koprodukci\u00f3s\u00a0filmek kateg\u00f3ria &#8211; <b>Poh\u00e1rnok Gergely<\/b> &#8211; Taxidermia<\/p>\n<p>J\u00e1t\u00e9kfilm\u00a0kateg\u00f3ria &#8211; <b>Lajos Tam\u00e1s<\/b> &#8211; Emelet<\/p>\n<p><span class=\"Apple-converted-space\">\u00a0<\/span><\/p>\n<p>Az \u00c9V operat\u0151re: <b>Nagy Andr\u00e1s<\/b> a Feh\u00e9r teny\u00e9r c.film\u00e9rt<\/p>\n<p>Legenda D\u00edj az \u201eARRIMAN\u201d kit\u00fcntettjei:<\/p>\n<p><b>Badal J\u00e1nos, Burza \u00c1rp\u00e1d, Hildebrand Istv\u00e1n, Kov\u00e1cs L\u00e1szl\u00f3, Langm\u00e1r B\u00e9la, M\u00e1tray Mih\u00e1ly, Mik\u00f3 J\u00f3zsef, T\u00f3th J\u00e1nos, Vagy\u00f3czky Tibor, Zsigmond Vilmos.<\/b><\/p>\n\n\t\t<\/div>\n\t<\/div>\n<\/div><\/div><\/div><div class=\"wpb_column vc_column_container vc_col-sm-6\"><div class=\"vc_column-inner\"><div class=\"wpb_wrapper\">            \n            <div class=\"wpb_animate_when_almost_visible haru-css-animation wpb_fadeIn\">\n                \n<div class=\"icon-box-shortcode-wrap style_3\">\n    <div class=\"icon-box-container\">\n        <div class=\"icon-top\">\n            <div class=\"icon-wrap\">\n                <img decoding=\"async\" src=\"https:\/\/cinematographerawards.hu\/wp-content\/uploads\/2018\/07\/icon-creative-direct.png\" alt=\"2005. okt\u00f3ber 29. \u2013 Kiscelli M\u00fazeum\">\n            <\/div>\n            <div class=\"icon-title\">\n                                <h5>2005. okt\u00f3ber 29. \u2013 Kiscelli M\u00fazeum<\/h5>\n                            <\/div>\n        <\/div>\n        <div class=\"icon-content\">\n            <p class=\"icon-description\"><\/p>\n        <\/div>\n    <\/div>\n<\/div>            <\/div>\n            \n        \n\t<div class=\"wpb_text_column wpb_content_element\" >\n\t\t<div class=\"wpb_wrapper\">\n\t\t\t<p>H\u00edr\/magazin kateg\u00f3ria &#8211; <b>Szobr\u00e1sz Andr\u00e1s<\/b> &#8211; Filmh\u00edrad\u00f3 51<\/p>\n<p>K\u00f6zm\u0171vel\u0151d\u00e9s kateg\u00f3ria &#8211; <b>Nemescs\u00f3i Tam\u00e1s<\/b> &#8211; Jelenl\u00e9t aranyban<\/p>\n<p>Sz\u00f3rakoztat\u00f3 kateg\u00f3ria &#8211; <b>L\u00e1szl\u00f3 Zsolt<\/b> &#8211; Megaszt\u00e1r<\/p>\n<p>Term\u00e9szetfilm kateg\u00f3ria &#8211; <b>Mosonyi Szabolcs<\/b> &#8211; Gyapjas pille \u2013 Herny\u00f3k a pokolb\u00f3l<\/p>\n<p>T\u00e9v\u00e9film kateg\u00f3ria &#8211; <b>Szatm\u00e1ri P\u00e9ter<\/b> &#8211; A nagy k\u00f6nyv \u2013 1984<\/p>\n<p>Zen\u00e9s klip kateg\u00f3ria &#8211; <b>Garas D\u00e1niel<\/b> &#8211; Fadt Shaker<\/p>\n<p>Zen\u00e9s film kateg\u00f3ria &#8211; <b>Nemes Tibor<\/b> &#8211; A k\u00e9kszak\u00e1ll\u00fa herceg v\u00e1ra<\/p>\n<p>Rekl\u00e1mfilm kateg\u00f3ria &#8211; <b>T\u00f3th Zsolt<\/b> &#8211; T\u00f6rley<\/p>\n<p>K\u00eds\u00e9rleti film kateg\u00f3ria &#8211; <b>Kardos S\u00e1ndor<\/b> &#8211; R\u00e9sfilm<\/p>\n<p>Kisj\u00e1t\u00e9kfilm kateg\u00f3ria &#8211; <b>Kem\u00e9nyffy Tam\u00e1s<\/b> &#8211; Most l\u00e1tszom, most nem<\/p>\n<p>Dokumentumfilm kateg\u00f3ria &#8211; <b>G\u00f3zon Francisco<\/b> &#8211; Amari Kris<\/p>\n<p>Dramatiz\u00e1lt dokumentumfilm kateg\u00f3ria &#8211; <b>V\u00e1rkonyi S\u00e1ndor<\/b> &#8211; \u00c1lomfilm<\/p>\n<p>J\u00e1t\u00e9kfilm kateg\u00f3ria &#8211; <b>Nagy Andr\u00e1s<\/b> &#8211; A f\u00e9ny \u00f6sv\u00e9nyei<\/p>\n<p>Koprodukci\u00f3s\/nemzetk\u00f6zi j\u00e1t\u00e9kfilm kateg\u00f3ria &#8211; <b>Pados Gyula<\/b> &#8211; Sorstalans\u00e1g<\/p>\n<p>A Filmm\u0171v\u00e9szeti Egyetem hallgat\u00f3inak d\u00edja &#8211; <b>M\u00e9sz\u00e1ros Katalin<\/b> &#8211; Laci<\/p>\n<p>Az \u00e9v operat\u0151re &#8211; <b>Poh\u00e1rnok Gergely<\/b> &#8211; Hukkle, Fekete kefe<\/p>\n<p>Legenda d\u00edj: <b>Ill\u00e9s Gy\u00f6rgy, Kov\u00e1cs L\u00e1szl\u00f3, T\u00f3th J\u00e1nos \u00e9s Zsigmond Vilmos<\/b><\/p>\n\n\t\t<\/div>\n\t<\/div>\n<\/div><\/div><\/div><\/div><\/div><\/div><\/div><\/div><div class=\"vc_row wpb_row vc_row-fluid vc_custom_1533626661634\"><div class=\"wpb_column vc_column_container vc_col-sm-12\"><div class=\"vc_column-inner\"><div class=\"wpb_wrapper\"><div class=\"vc_row wpb_row vc_inner vc_row-fluid\"><div class=\"wpb_column vc_column_container vc_col-sm-6\"><div class=\"vc_column-inner\"><div class=\"wpb_wrapper\">            \n            <div class=\"\">\n                \n<div class=\"icon-box-shortcode-wrap style_3\">\n    <div class=\"icon-box-container\">\n        <div class=\"icon-top\">\n            <div class=\"icon-wrap\">\n                <img decoding=\"async\" src=\"https:\/\/cinematographerawards.hu\/wp-content\/uploads\/2018\/07\/icon-creative-direct.png\" alt=\"2004. okt\u00f3ber 29. - Mafilm III \u2013 m\u0171terem\">\n            <\/div>\n            <div class=\"icon-title\">\n                                <h5>2004. okt\u00f3ber 29. - Mafilm III \u2013 m\u0171terem<\/h5>\n                            <\/div>\n        <\/div>\n        <div class=\"icon-content\">\n            <p class=\"icon-description\"><\/p>\n        <\/div>\n    <\/div>\n<\/div>            <\/div>\n            \n        \n\t<div class=\"wpb_text_column wpb_content_element\" >\n\t\t<div class=\"wpb_wrapper\">\n\t\t\t<p>Di\u00e1k SZFE kateg\u00f3ria &#8211; <b>Herbai M\u00e1t\u00e9<\/b> &#8211; A v\u00edrus<span class=\"Apple-converted-space\">\u00a0<\/span><\/p>\n<p>K\u00eds\u00e9rleti \u00e9s speci\u00e1lis kateg\u00f3ria &#8211; <b>Widamon M\u00e1t\u00e9<\/b> &#8211; Indecision<span class=\"Apple-converted-space\">\u00a0<\/span><\/p>\n<p>Dokumentumfilmek kateg\u00f3ria &#8211; <b>B\u00e1lint Arth\u00far<\/b> &#8211; Csendorsz\u00e1g<span class=\"Apple-converted-space\">\u00a0<\/span><\/p>\n<p>Dramatiz\u00e1lt Dokumentumfilmek kateg\u00f3ria &#8211; <b>Csincsi Zolt\u00e1n<\/b> &#8211; R\u00e9nium Exped\u00edci\u00f3<\/p>\n<p>Videoklipek kateg\u00f3ria &#8211; <b>M\u00e1th\u00e9 Tibor<\/b> &#8211; Kalandor<\/p>\n<p>Zen\u00e9s filmek kateg\u00f3ria &#8211; <b>Jancs\u00f3 Nyika<\/b> &#8211; Eur\u00f3pakoncert 2001<span class=\"Apple-converted-space\">\u00a0<\/span><\/p>\n<p>Kisj\u00e1t\u00e9kfilmek kateg\u00f3ria &#8211; <b>Szaladj\u00e1k Istv\u00e1n<\/b> &#8211; Gr\u00e1n\u00e1tok<span class=\"Apple-converted-space\">\u00a0<\/span><\/p>\n<p>Telev\u00edzi\u00f3s filmek a.) TV sorozat &#8211; <b>Hal\u00e1sz G\u00e1bor<\/b> &#8211; Na v\u00e9gre itt a ny\u00e1r<span class=\"Apple-converted-space\">\u00a0<\/span><\/p>\n<p>Sz\u00f3rakoztat\u00f3 magazin kate\u00f3gria &#8211; <b>V\u00e9k\u00e1s P\u00e9ter<\/b> &#8211; Sziveri J\u00e1nos<span class=\"Apple-converted-space\">\u00a0<\/span><\/p>\n<p>H\u00edrmagazin kateg\u00f3ria &#8211; <b>Simon Zolt\u00e1n<\/b> &#8211; Formalin \u00e9s cseresznyevir\u00e1g<span class=\"Apple-converted-space\">\u00a0<\/span><\/p>\n<p>Term\u00e9szetfilmek kateg\u00f3ria &#8211; <b>\u00c1goston G\u00e1bor<\/b> &#8211; Elveszett kert<span class=\"Apple-converted-space\">\u00a0<\/span><\/p>\n<p>Rekl\u00e1mfilmek kateg\u00f3ria &#8211; <b>M\u00e1rk Iv\u00e1n<\/b> &#8211; Vulcano Petrol<span class=\"Apple-converted-space\">\u00a0<\/span><\/p>\n<p>J\u00e1t\u00e9kfilmek kateg\u00f3ria &#8211; <b>Szatm\u00e1ri P\u00e9ter<\/b> &#8211; Dealer<span class=\"Apple-converted-space\">\u00a0<\/span><\/p>\n<p>Koprodukci\u00f3s vagy nemzetk\u00f6zi j\u00e1t\u00e9kfilmek kateg\u00f3ria &#8211; <b>Koltai Lajos<\/b> &#8211; Taking Sides<span class=\"Apple-converted-space\">\u00a0<\/span><\/p>\n<p>Az \u00c9v Operat\u0151re &#8211; <b>Pados Gyula<\/b> &#8211; Kontroll<\/p>\n\n\t\t<\/div>\n\t<\/div>\n<\/div><\/div><\/div><\/div><\/div><\/div><\/div><\/div>\n<\/div>","protected":false},"excerpt":{"rendered":"D\u00e1tum: 2024.11.08. \u2013 PESTI VIGAD\u00d3 Di\u00e1kfilm kateg\u00f3ria gy\u0151ztese - Zsoldos Bal\u00e1zs - Hospice J\u00e1t\u00e9kfilm kateg\u00f3ria gy\u0151ztese - T\u00f3th Gergely - Besz\u00e9l\u0151 tr\u00f3fe\u00e1k\u00a0 TV kateg\u00f3ria gy\u0151ztese -\u00a0T\u00f3th Zsolt - \u00d6r\u00f6k h\u0171s\u00e9g\u00a0 Kisj\u00e1t\u00e9kfilm kateg\u00f3ria gy\u0151ztese - Kis M\u00e1rton - The Swimmer Dokumentumfilm kateg\u00f3ria gy\u0151ztese - Ezequiel Salinas - Budapest Silo Ill\u00e9s Gy\u00f6rgy D\u00edjat az \u00e9v legjobb operat\u0151r\u00e9nek, [...]","protected":false},"author":2,"featured_media":0,"parent":0,"menu_order":0,"comment_status":"closed","ping_status":"closed","template":"","meta":{"footnotes":""},"class_list":["post-4968","page","type-page","status-publish","hentry","clearfix"],"yoast_head":"<!-- This site is optimized with the Yoast SEO plugin v27.5 - https:\/\/yoast.com\/product\/yoast-seo-wordpress\/ -->\n<title>Nyerteseink - Magyar operat\u0151r verseny<\/title>\n<meta name=\"robots\" content=\"index, follow, max-snippet:-1, max-image-preview:large, max-video-preview:-1\" \/>\n<link rel=\"canonical\" href=\"https:\/\/cinematographerawards.hu\/en\/nyerteseink\/\" \/>\n<meta property=\"og:locale\" content=\"en_US\" \/>\n<meta property=\"og:type\" content=\"article\" \/>\n<meta property=\"og:title\" content=\"Nyerteseink - Magyar operat\u0151r verseny\" \/>\n<meta property=\"og:url\" content=\"https:\/\/cinematographerawards.hu\/en\/nyerteseink\/\" \/>\n<meta property=\"og:site_name\" content=\"Magyar operat\u0151r verseny\" \/>\n<meta property=\"article:modified_time\" content=\"2026-01-13T13:02:53+00:00\" \/>\n<meta property=\"og:image\" content=\"https:\/\/cinematographerawards.hu\/wp-content\/uploads\/2020\/12\/cinematographerawards-ico.png\" \/>\n\t<meta property=\"og:image:width\" content=\"199\" \/>\n\t<meta property=\"og:image:height\" content=\"209\" \/>\n\t<meta property=\"og:image:type\" content=\"image\/png\" \/>\n<meta name=\"twitter:card\" content=\"summary_large_image\" \/>\n<meta name=\"twitter:label1\" content=\"Est. reading time\" \/>\n\t<meta name=\"twitter:data1\" content=\"22 minutes\" \/>\n<script type=\"application\/ld+json\" class=\"yoast-schema-graph\">{\"@context\":\"https:\\\/\\\/schema.org\",\"@graph\":[{\"@type\":\"WebPage\",\"@id\":\"https:\\\/\\\/cinematographerawards.hu\\\/nyerteseink\\\/\",\"url\":\"https:\\\/\\\/cinematographerawards.hu\\\/nyerteseink\\\/\",\"name\":\"Nyerteseink - Magyar operat\u0151r verseny\",\"isPartOf\":{\"@id\":\"https:\\\/\\\/cinematographerawards.hu\\\/#website\"},\"datePublished\":\"2024-05-06T07:07:01+00:00\",\"dateModified\":\"2026-01-13T13:02:53+00:00\",\"breadcrumb\":{\"@id\":\"https:\\\/\\\/cinematographerawards.hu\\\/nyerteseink\\\/#breadcrumb\"},\"inLanguage\":\"en-US\",\"potentialAction\":[{\"@type\":\"ReadAction\",\"target\":[\"https:\\\/\\\/cinematographerawards.hu\\\/nyerteseink\\\/\"]}]},{\"@type\":\"BreadcrumbList\",\"@id\":\"https:\\\/\\\/cinematographerawards.hu\\\/nyerteseink\\\/#breadcrumb\",\"itemListElement\":[{\"@type\":\"ListItem\",\"position\":1,\"name\":\"Kezd\u0151lap\",\"item\":\"https:\\\/\\\/cinematographerawards.hu\\\/\"},{\"@type\":\"ListItem\",\"position\":2,\"name\":\"Nyerteseink\"}]},{\"@type\":\"WebSite\",\"@id\":\"https:\\\/\\\/cinematographerawards.hu\\\/#website\",\"url\":\"https:\\\/\\\/cinematographerawards.hu\\\/\",\"name\":\"Magyar operat\u0151r verseny\",\"description\":\"Magyar operat\u0151r verseny\",\"potentialAction\":[{\"@type\":\"SearchAction\",\"target\":{\"@type\":\"EntryPoint\",\"urlTemplate\":\"https:\\\/\\\/cinematographerawards.hu\\\/?s={search_term_string}\"},\"query-input\":{\"@type\":\"PropertyValueSpecification\",\"valueRequired\":true,\"valueName\":\"search_term_string\"}}],\"inLanguage\":\"en-US\"}]}<\/script>\n<!-- \/ Yoast SEO plugin. -->","yoast_head_json":{"title":"Nyerteseink - Magyar operat\u0151r verseny","robots":{"index":"index","follow":"follow","max-snippet":"max-snippet:-1","max-image-preview":"max-image-preview:large","max-video-preview":"max-video-preview:-1"},"canonical":"https:\/\/cinematographerawards.hu\/en\/nyerteseink\/","og_locale":"en_US","og_type":"article","og_title":"Nyerteseink - Magyar operat\u0151r verseny","og_url":"https:\/\/cinematographerawards.hu\/en\/nyerteseink\/","og_site_name":"Magyar operat\u0151r verseny","article_modified_time":"2026-01-13T13:02:53+00:00","og_image":[{"width":199,"height":209,"url":"https:\/\/cinematographerawards.hu\/wp-content\/uploads\/2020\/12\/cinematographerawards-ico.png","type":"image\/png"}],"twitter_card":"summary_large_image","twitter_misc":{"Est. reading time":"22 minutes"},"schema":{"@context":"https:\/\/schema.org","@graph":[{"@type":"WebPage","@id":"https:\/\/cinematographerawards.hu\/nyerteseink\/","url":"https:\/\/cinematographerawards.hu\/nyerteseink\/","name":"Nyerteseink - Magyar operat\u0151r verseny","isPartOf":{"@id":"https:\/\/cinematographerawards.hu\/#website"},"datePublished":"2024-05-06T07:07:01+00:00","dateModified":"2026-01-13T13:02:53+00:00","breadcrumb":{"@id":"https:\/\/cinematographerawards.hu\/nyerteseink\/#breadcrumb"},"inLanguage":"en-US","potentialAction":[{"@type":"ReadAction","target":["https:\/\/cinematographerawards.hu\/nyerteseink\/"]}]},{"@type":"BreadcrumbList","@id":"https:\/\/cinematographerawards.hu\/nyerteseink\/#breadcrumb","itemListElement":[{"@type":"ListItem","position":1,"name":"Kezd\u0151lap","item":"https:\/\/cinematographerawards.hu\/"},{"@type":"ListItem","position":2,"name":"Nyerteseink"}]},{"@type":"WebSite","@id":"https:\/\/cinematographerawards.hu\/#website","url":"https:\/\/cinematographerawards.hu\/","name":"Magyar operat\u0151r verseny","description":"Magyar operat\u0151r verseny","potentialAction":[{"@type":"SearchAction","target":{"@type":"EntryPoint","urlTemplate":"https:\/\/cinematographerawards.hu\/?s={search_term_string}"},"query-input":{"@type":"PropertyValueSpecification","valueRequired":true,"valueName":"search_term_string"}}],"inLanguage":"en-US"}]}},"_links":{"self":[{"href":"https:\/\/cinematographerawards.hu\/en\/wp-json\/wp\/v2\/pages\/4968","targetHints":{"allow":["GET"]}}],"collection":[{"href":"https:\/\/cinematographerawards.hu\/en\/wp-json\/wp\/v2\/pages"}],"about":[{"href":"https:\/\/cinematographerawards.hu\/en\/wp-json\/wp\/v2\/types\/page"}],"author":[{"embeddable":true,"href":"https:\/\/cinematographerawards.hu\/en\/wp-json\/wp\/v2\/users\/2"}],"replies":[{"embeddable":true,"href":"https:\/\/cinematographerawards.hu\/en\/wp-json\/wp\/v2\/comments?post=4968"}],"version-history":[{"count":6,"href":"https:\/\/cinematographerawards.hu\/en\/wp-json\/wp\/v2\/pages\/4968\/revisions"}],"predecessor-version":[{"id":5312,"href":"https:\/\/cinematographerawards.hu\/en\/wp-json\/wp\/v2\/pages\/4968\/revisions\/5312"}],"wp:attachment":[{"href":"https:\/\/cinematographerawards.hu\/en\/wp-json\/wp\/v2\/media?parent=4968"}],"curies":[{"name":"wp","href":"https:\/\/api.w.org\/{rel}","templated":true}]}}